{"id":19593,"date":"2024-01-05T16:53:05","date_gmt":"2024-01-05T13:53:05","guid":{"rendered":"https:\/\/karabatak.com\/?post_type=product&#038;p=19593"},"modified":"2026-05-01T15:24:54","modified_gmt":"2026-05-01T12:24:54","slug":"julius-meinl-jubilaum-cekirdek-kahve-500g","status":"publish","type":"product","link":"https:\/\/karabatak.com\/en\/product\/julius-meinl-jubilaum-coffee-beans-500g\/","title":{"rendered":"JULIUS MEINL JUBILAUM COFFEE BEANS 500 GR"},"content":{"rendered":"<div style=\"font-family: 'Helvetica Neue', Helvetica, Arial, sans-serif; color: #333333; background-color: #fcfcfc; padding: 35px; border-radius: 12px; border: 1px solid #eaeaea; box-shadow: 0 6px 20px rgba(0, 0, 0, 0.04); max-width: 100%; margin: 0 auto; box-sizing: border-box;\">\n<h2 style=\"color: #114639; font-size: 24px; margin-top: 0; margin-bottom: 15px; font-weight: bold; letter-spacing: -0.5px; border-bottom: 2px solid #e2ece9; padding-bottom: 12px;\"><b>Julius Meinl Jubilaum \u00c7ekirdek Kahve \u2013 500gr<\/b><\/h2>\n<p style=\"font-size: 15px; line-height: 1.7; color: #555555; text-align: justify; margin-bottom: 30px;\">1962\u2032den G\u00fcn\u00fcm\u00fcze uzanan Birinci S\u0131n\u0131f Kahve<\/p>\n<p style=\"font-size: 15px; line-height: 1.7; color: #555555; text-align: justify; margin-bottom: 30px;\">Julius Meinl\u2019\u0131n bu Premium kahvesi, zengin narenciye aromalar\u0131 ve \u00e7i\u00e7ek nuanslar\u0131 i\u00e7eren yumu\u015fak bir tada sahip \u00f6zel bir harmand\u0131r. 1962 y\u0131l\u0131nda Julius Meinl\u2019\u0131n 100.ya\u015f\u0131n\u0131 kutlamak amac\u0131yla \u00f6zel olarak Viyana\u2019da harmanlanm\u0131\u015ft\u0131r.<\/p>\n<p style=\"font-size: 15px; line-height: 1.7; color: #555555; text-align: justify; margin-bottom: 30px;\">Bu birinci s\u0131n\u0131f \u00f6zel kahve, hafif-orta kavrulmu\u015f ve d\u00fcnyan\u0131n en lezzetli kahvelerinin yeti\u015fti\u011fi y\u00fcksek yaylalardan toplanan Arabica ve Robusta \u00e7ekirdeklerden harmanlanm\u0131\u015ft\u0131r. \u0130\u00e7eri\u011finde ki \u00e7ekirdekler Orta Amerika ve Papua Yeni Gine orijinlidir.<\/p>\n<p style=\"font-size: 15px; line-height: 1.7; color: #555555; text-align: justify; margin-bottom: 30px;\">A\u011f\u0131zda ferah bir tat b\u0131rakan, y\u00fcksek asiditeli yumu\u015fak ve tatl\u0131 bir i\u00e7ime sahiptir.<\/p>\n<div style=\"background-color: #ffffff; border-radius: 8px; border: 1px solid #f0f0f0; padding: 20px; margin-bottom: 25px;\">\n<table style=\"width: 100%; border-collapse: collapse; font-size: 14px; text-align: left;\">\n<tbody>\n<tr style=\"border-bottom: 1px solid #f7f7f7;\">\n<td style=\"padding: 12px 10px; width: 33%;\"><strong><span style=\"display: block; font-size: 12px; color: #888; text-transform: uppercase; letter-spacing: 1px;\">Bean<\/span><\/strong><br \/>\n<strong style=\"color: #333; font-size: 15px;\">Arabica &amp; Robusta<\/strong><\/td>\n<td style=\"padding: 12px 10px; width: 33%;\"><strong><span style=\"display: block; font-size: 12px; color: #888; text-transform: uppercase; letter-spacing: 1px;\">Kavrulma (1-6)<\/span><\/strong><br \/>\n<strong style=\"color: #333; font-size: 15px;\">2<\/strong><\/td>\n<td style=\"padding: 12px 10px; width: 33%;\"><strong><span style=\"display: block; font-size: 12px; color: #888; text-transform: uppercase; letter-spacing: 1px;\">Asidite (1- 10)<\/span><\/strong><br \/>\n<strong style=\"color: #333; font-size: 15px;\">5<\/strong><\/td>\n<\/tr>\n<tr style=\"border-bottom: 1px solid #f7f7f7;\">\n<td style=\"padding: 12px 10px;\"><strong><span style=\"display: block; font-size: 12px; color: #888; text-transform: uppercase; letter-spacing: 1px;\">Tatl\u0131l\u0131k (1-10)<\/span><\/strong><br \/>\n<strong style=\"color: #333; font-size: 15px;\">6<\/strong><\/td>\n<td style=\"padding: 12px 10px;\"><strong><span style=\"display: block; font-size: 12px; color: #888; text-transform: uppercase; letter-spacing: 1px;\">G\u00f6vde (1-10)<\/span><\/strong><br \/>\n<strong style=\"color: #333; font-size: 15px;\">7<\/strong><\/td>\n<td style=\"padding: 12px 10px;\"><strong><span style=\"display: block; font-size: 12px; color: #888; text-transform: uppercase; letter-spacing: 1px;\">Cream<\/span><\/strong><br \/>\n<strong style=\"color: #333; font-size: 15px;\">Thin Cream<\/strong><\/td>\n<\/tr>\n<tr>\n<td style=\"padding: 12px 10px;\" colspan=\"2\"><strong><span style=\"display: block; font-size: 12px; color: #888; text-transform: uppercase; letter-spacing: 1px;\">Aroma<\/span><\/strong><br \/>\n<strong>Zengin narenciye,\u00a0\u00e7i\u00e7ek n\u00fcanslar\u0131<\/strong><\/td>\n<td style=\"padding: 12px 10px;\"><strong><span style=\"display: block; font-size: 12px; color: #888; text-transform: uppercase; letter-spacing: 1px;\">Flavor<\/span><\/strong><br \/>\n<strong>Yumu\u015fak &amp; Asidik tat<\/strong><\/td>\n<\/tr>\n<\/tbody>\n<\/table>\n<\/div>\n<div style=\"display: flex; align-items: center; justify-content: flex-start; gap: 20px; flex-wrap: wrap;\">\n<div style=\"flex-shrink: 0;\"><img decoding=\"async\" class=\"wd-lazy-blur wp-image-27371 alignright\" src=\"https:\/\/karabatak.com\/wp-content\/themes\/woodmart\/images\/lazy.svg\" data-src=\"https:\/\/karabatak.com\/wp-content\/uploads\/2023\/08\/yar.png\" alt=\"\" width=\"57\" height=\"57\" srcset=\"\" data-srcset=\"https:\/\/karabatak.com\/wp-content\/uploads\/2023\/08\/yar.png 128w, https:\/\/karabatak.com\/wp-content\/uploads\/2023\/08\/yar-12x12.png 12w\" sizes=\"(max-width: 57px) 100vw, 57px\" \/><\/div>\n<div style=\"flex-shrink: 0;\"><img decoding=\"async\" style=\"width: 56px; height: 56px; display: block;\" src=\"https:\/\/karabatak.com\/wp-content\/uploads\/2025\/06\/esicons.png\" alt=\"Karabatak Espresso Icon\" \/><\/div>\n<div>\n<div style=\"margin-bottom: 6px;\"><span style=\"background-color: #114639; color: #fff; font-size: 12px; font-weight: bold; padding: 6px 12px; border-radius: 4px; display: inline-block;\">\u00c7ekirdek Kahve: 500 Gr<br \/>\n<\/span><\/div>\n<p style=\"font-family: Arial, sans-serif; font-size: 13px; color: #114639; margin: 0; font-weight: bold;\">* \u00dcr\u00fcnlerimiz stoklarla s\u0131n\u0131rl\u0131d\u0131r.<\/p>\n<\/div>\n<\/div>\n<\/div>","protected":false},"excerpt":{"rendered":"<p>Julius Meinl Jubilaum \u00c7ekirdek Kahve \u2013 500gr 1962\u2032den G\u00fcn\u00fcm\u00fcze uzanan Birinci S\u0131n\u0131f Kahve Julius Meinl\u2019\u0131n bu Premium kahvesi, zengin narenciye<\/p>","protected":false},"featured_media":21271,"comment_status":"open","ping_status":"closed","template":"","meta":[],"product_brand":[],"product_cat":[33],"product_tag":[],"class_list":{"0":"post-19593","1":"product","2":"type-product","3":"status-publish","4":"has-post-thumbnail","6":"product_cat-julius-meinl-kahveleri","7":"pa_tur-cekirdek","9":"first","10":"instock","11":"taxable","12":"shipping-taxable","13":"purchasable","14":"product-type-simple"},"yoast_head":"<!-- This site is optimized with the Yoast SEO plugin v27.4 - https:\/\/yoast.com\/product\/yoast-seo-wordpress\/ -->\n<title>JULIUS MEINL JUBILAUM \u00c7EK\u0130RDEK KAHVE 500 GR - Karabatak<\/title>\n<meta name=\"robots\" content=\"index, follow, max-snippet:-1, max-image-preview:large, max-video-preview:-1\" \/>\n<link rel=\"canonical\" href=\"https:\/\/karabatak.com\/en\/product\/julius-meinl-jubilaum-coffee-beans-500g\/\" \/>\n<meta property=\"og:locale\" content=\"en_GB\" \/>\n<meta property=\"og:type\" content=\"article\" \/>\n<meta property=\"og:title\" content=\"JULIUS MEINL JUBILAUM \u00c7EK\u0130RDEK KAHVE 500 GR - Karabatak\" \/>\n<meta property=\"og:description\" content=\"Julius Meinl Jubilaum \u00c7ekirdek Kahve \u2013 500gr 1962\u2032den G\u00fcn\u00fcm\u00fcze uzanan Birinci S\u0131n\u0131f Kahve Julius Meinl\u2019\u0131n bu Premium kahvesi, zengin narenciye\" \/>\n<meta property=\"og:url\" content=\"https:\/\/karabatak.com\/en\/product\/julius-meinl-jubilaum-coffee-beans-500g\/\" \/>\n<meta property=\"og:site_name\" content=\"Karabatak\" \/>\n<meta property=\"article:modified_time\" content=\"2026-05-01T12:24:54+00:00\" \/>\n<meta property=\"og:image\" content=\"https:\/\/karabatak.com\/wp-content\/uploads\/2024\/01\/Adsiz-tasarim-14.png\" \/>\n\t<meta property=\"og:image:width\" content=\"500\" \/>\n\t<meta property=\"og:image:height\" content=\"500\" \/>\n\t<meta property=\"og:image:type\" content=\"image\/png\" \/>\n<meta name=\"twitter:card\" content=\"summary_large_image\" \/>\n<meta name=\"twitter:label1\" content=\"Estimated reading time\" \/>\n\t<meta name=\"twitter:data1\" content=\"2 minutes\" \/>\n<script type=\"application\/ld+json\" class=\"yoast-schema-graph\">{\"@context\":\"https:\\\/\\\/schema.org\",\"@graph\":[{\"@type\":\"WebPage\",\"@id\":\"https:\\\/\\\/karabatak.com\\\/urun\\\/julius-meinl-jubilaum-cekirdek-kahve-500g\\\/\",\"url\":\"https:\\\/\\\/karabatak.com\\\/urun\\\/julius-meinl-jubilaum-cekirdek-kahve-500g\\\/\",\"name\":\"JULIUS MEINL JUBILAUM \u00c7EK\u0130RDEK KAHVE 500 GR - Karabatak\",\"isPartOf\":{\"@id\":\"https:\\\/\\\/karabatak.com\\\/#website\"},\"primaryImageOfPage\":{\"@id\":\"https:\\\/\\\/karabatak.com\\\/urun\\\/julius-meinl-jubilaum-cekirdek-kahve-500g\\\/#primaryimage\"},\"image\":{\"@id\":\"https:\\\/\\\/karabatak.com\\\/urun\\\/julius-meinl-jubilaum-cekirdek-kahve-500g\\\/#primaryimage\"},\"thumbnailUrl\":\"https:\\\/\\\/karabatak.com\\\/wp-content\\\/uploads\\\/2024\\\/01\\\/Adsiz-tasarim-14.png\",\"datePublished\":\"2024-01-05T13:53:05+00:00\",\"dateModified\":\"2026-05-01T12:24:54+00:00\",\"breadcrumb\":{\"@id\":\"https:\\\/\\\/karabatak.com\\\/urun\\\/julius-meinl-jubilaum-cekirdek-kahve-500g\\\/#breadcrumb\"},\"inLanguage\":\"en-GB\",\"potentialAction\":[{\"@type\":\"ReadAction\",\"target\":[\"https:\\\/\\\/karabatak.com\\\/urun\\\/julius-meinl-jubilaum-cekirdek-kahve-500g\\\/\"]}]},{\"@type\":\"ImageObject\",\"inLanguage\":\"en-GB\",\"@id\":\"https:\\\/\\\/karabatak.com\\\/urun\\\/julius-meinl-jubilaum-cekirdek-kahve-500g\\\/#primaryimage\",\"url\":\"https:\\\/\\\/karabatak.com\\\/wp-content\\\/uploads\\\/2024\\\/01\\\/Adsiz-tasarim-14.png\",\"contentUrl\":\"https:\\\/\\\/karabatak.com\\\/wp-content\\\/uploads\\\/2024\\\/01\\\/Adsiz-tasarim-14.png\",\"width\":500,\"height\":500},{\"@type\":\"BreadcrumbList\",\"@id\":\"https:\\\/\\\/karabatak.com\\\/urun\\\/julius-meinl-jubilaum-cekirdek-kahve-500g\\\/#breadcrumb\",\"itemListElement\":[{\"@type\":\"ListItem\",\"position\":1,\"name\":\"Ma\u011faza\",\"item\":\"https:\\\/\\\/karabatak.com\\\/en\\\/products\\\/\"},{\"@type\":\"ListItem\",\"position\":2,\"name\":\"JULIUS MEINL JUBILAUM \u00c7EK\u0130RDEK KAHVE 500 GR\"}]},{\"@type\":\"WebSite\",\"@id\":\"https:\\\/\\\/karabatak.com\\\/#website\",\"url\":\"https:\\\/\\\/karabatak.com\\\/\",\"name\":\"Karabatak\",\"description\":\"Karabatak ve Julius Meinl T\u00fcrkiye Distrib\u00fct\u00f6r\u00fc\",\"publisher\":{\"@id\":\"https:\\\/\\\/karabatak.com\\\/#organization\"},\"potentialAction\":[{\"@type\":\"SearchAction\",\"target\":{\"@type\":\"EntryPoint\",\"urlTemplate\":\"https:\\\/\\\/karabatak.com\\\/?s={search_term_string}\"},\"query-input\":{\"@type\":\"PropertyValueSpecification\",\"valueRequired\":true,\"valueName\":\"search_term_string\"}}],\"inLanguage\":\"en-GB\"},{\"@type\":\"Organization\",\"@id\":\"https:\\\/\\\/karabatak.com\\\/#organization\",\"name\":\"Karabatak\",\"url\":\"https:\\\/\\\/karabatak.com\\\/\",\"logo\":{\"@type\":\"ImageObject\",\"inLanguage\":\"en-GB\",\"@id\":\"https:\\\/\\\/karabatak.com\\\/#\\\/schema\\\/logo\\\/image\\\/\",\"url\":\"https:\\\/\\\/karabatak.com\\\/wp-content\\\/uploads\\\/2023\\\/05\\\/logo-100x100-100x100-1.png\",\"contentUrl\":\"https:\\\/\\\/karabatak.com\\\/wp-content\\\/uploads\\\/2023\\\/05\\\/logo-100x100-100x100-1.png\",\"width\":100,\"height\":100,\"caption\":\"Karabatak\"},\"image\":{\"@id\":\"https:\\\/\\\/karabatak.com\\\/#\\\/schema\\\/logo\\\/image\\\/\"}}]}<\/script>\n<!-- \/ Yoast SEO plugin. -->","yoast_head_json":{"title":"JULIUS MEINL JUBILAUM COFFEE BEANS 500 GR - Karabatak","robots":{"index":"index","follow":"follow","max-snippet":"max-snippet:-1","max-image-preview":"max-image-preview:large","max-video-preview":"max-video-preview:-1"},"canonical":"https:\/\/karabatak.com\/en\/product\/julius-meinl-jubilaum-coffee-beans-500g\/","og_locale":"en_GB","og_type":"article","og_title":"JULIUS MEINL JUBILAUM \u00c7EK\u0130RDEK KAHVE 500 GR - Karabatak","og_description":"Julius Meinl Jubilaum \u00c7ekirdek Kahve \u2013 500gr 1962\u2032den G\u00fcn\u00fcm\u00fcze uzanan Birinci S\u0131n\u0131f Kahve Julius Meinl\u2019\u0131n bu Premium kahvesi, zengin narenciye","og_url":"https:\/\/karabatak.com\/en\/product\/julius-meinl-jubilaum-coffee-beans-500g\/","og_site_name":"Karabatak","article_modified_time":"2026-05-01T12:24:54+00:00","og_image":[{"width":500,"height":500,"url":"https:\/\/karabatak.com\/wp-content\/uploads\/2024\/01\/Adsiz-tasarim-14.png","type":"image\/png"}],"twitter_card":"summary_large_image","twitter_misc":{"Estimated reading time":"2 minutes"},"schema":{"@context":"https:\/\/schema.org","@graph":[{"@type":"WebPage","@id":"https:\/\/karabatak.com\/urun\/julius-meinl-jubilaum-cekirdek-kahve-500g\/","url":"https:\/\/karabatak.com\/urun\/julius-meinl-jubilaum-cekirdek-kahve-500g\/","name":"JULIUS MEINL JUBILAUM COFFEE BEANS 500 GR - Karabatak","isPartOf":{"@id":"https:\/\/karabatak.com\/#website"},"primaryImageOfPage":{"@id":"https:\/\/karabatak.com\/urun\/julius-meinl-jubilaum-cekirdek-kahve-500g\/#primaryimage"},"image":{"@id":"https:\/\/karabatak.com\/urun\/julius-meinl-jubilaum-cekirdek-kahve-500g\/#primaryimage"},"thumbnailUrl":"https:\/\/karabatak.com\/wp-content\/uploads\/2024\/01\/Adsiz-tasarim-14.png","datePublished":"2024-01-05T13:53:05+00:00","dateModified":"2026-05-01T12:24:54+00:00","breadcrumb":{"@id":"https:\/\/karabatak.com\/urun\/julius-meinl-jubilaum-cekirdek-kahve-500g\/#breadcrumb"},"inLanguage":"en-GB","potentialAction":[{"@type":"ReadAction","target":["https:\/\/karabatak.com\/urun\/julius-meinl-jubilaum-cekirdek-kahve-500g\/"]}]},{"@type":"ImageObject","inLanguage":"en-GB","@id":"https:\/\/karabatak.com\/urun\/julius-meinl-jubilaum-cekirdek-kahve-500g\/#primaryimage","url":"https:\/\/karabatak.com\/wp-content\/uploads\/2024\/01\/Adsiz-tasarim-14.png","contentUrl":"https:\/\/karabatak.com\/wp-content\/uploads\/2024\/01\/Adsiz-tasarim-14.png","width":500,"height":500},{"@type":"BreadcrumbList","@id":"https:\/\/karabatak.com\/urun\/julius-meinl-jubilaum-cekirdek-kahve-500g\/#breadcrumb","itemListElement":[{"@type":"ListItem","position":1,"name":"Ma\u011faza","item":"https:\/\/karabatak.com\/en\/products\/"},{"@type":"ListItem","position":2,"name":"JULIUS MEINL JUBILAUM \u00c7EK\u0130RDEK KAHVE 500 GR"}]},{"@type":"WebSite","@id":"https:\/\/karabatak.com\/#website","url":"https:\/\/karabatak.com\/","name":"Karabatak","description":"Karabatak and Julius Meinl T\u00fcrkiye Distributor","publisher":{"@id":"https:\/\/karabatak.com\/#organization"},"potentialAction":[{"@type":"SearchAction","target":{"@type":"EntryPoint","urlTemplate":"https:\/\/karabatak.com\/?s={search_term_string}"},"query-input":{"@type":"PropertyValueSpecification","valueRequired":true,"valueName":"search_term_string"}}],"inLanguage":"en-GB"},{"@type":"Organization","@id":"https:\/\/karabatak.com\/#organization","name":"Karabatak","url":"https:\/\/karabatak.com\/","logo":{"@type":"ImageObject","inLanguage":"en-GB","@id":"https:\/\/karabatak.com\/#\/schema\/logo\/image\/","url":"https:\/\/karabatak.com\/wp-content\/uploads\/2023\/05\/logo-100x100-100x100-1.png","contentUrl":"https:\/\/karabatak.com\/wp-content\/uploads\/2023\/05\/logo-100x100-100x100-1.png","width":100,"height":100,"caption":"Karabatak"},"image":{"@id":"https:\/\/karabatak.com\/#\/schema\/logo\/image\/"}}]}},"_links":{"self":[{"href":"https:\/\/karabatak.com\/en\/wp-json\/wp\/v2\/product\/19593","targetHints":{"allow":["GET"]}}],"collection":[{"href":"https:\/\/karabatak.com\/en\/wp-json\/wp\/v2\/product"}],"about":[{"href":"https:\/\/karabatak.com\/en\/wp-json\/wp\/v2\/types\/product"}],"replies":[{"embeddable":true,"href":"https:\/\/karabatak.com\/en\/wp-json\/wp\/v2\/comments?post=19593"}],"wp:featuredmedia":[{"embeddable":true,"href":"https:\/\/karabatak.com\/en\/wp-json\/wp\/v2\/media\/21271"}],"wp:attachment":[{"href":"https:\/\/karabatak.com\/en\/wp-json\/wp\/v2\/media?parent=19593"}],"wp:term":[{"taxonomy":"product_brand","embeddable":true,"href":"https:\/\/karabatak.com\/en\/wp-json\/wp\/v2\/product_brand?post=19593"},{"taxonomy":"product_cat","embeddable":true,"href":"https:\/\/karabatak.com\/en\/wp-json\/wp\/v2\/product_cat?post=19593"},{"taxonomy":"product_tag","embeddable":true,"href":"https:\/\/karabatak.com\/en\/wp-json\/wp\/v2\/product_tag?post=19593"}],"curies":[{"name":"wp","href":"https:\/\/api.w.org\/{rel}","templated":true}]}}